{"id":6465,"date":"2021-07-21T14:27:30","date_gmt":"2021-07-21T12:27:30","guid":{"rendered":"https:\/\/falket.com\/empresa\/"},"modified":"2025-01-23T15:14:38","modified_gmt":"2025-01-23T14:14:38","slug":"empresa","status":"publish","type":"page","link":"https:\/\/falket.com\/es\/empresa\/","title":{"rendered":"Empresa"},"content":{"rendered":"<div class=\"wpb-content-wrapper\"><p>[vc_row css_animation=\u00bb\u00bb row_type=\u00bbrow\u00bb use_row_as_full_screen_section=\u00bbno\u00bb type=\u00bbfull_width\u00bb angled_section=\u00bbno\u00bb text_align=\u00bbleft\u00bb background_image_as_pattern=\u00bbwithout_pattern\u00bb css=\u00bb.vc_custom_1555684658428{background-color: #26201e !important;}\u00bb z_index=\u00bb\u00bb el_class=\u00bbbg-azienda-01&#8243;][vc_column offset=\u00bbvc_hidden-md vc_hidden-sm vc_hidden-xs\u00bb][vc_empty_space height=\u00bb300px\u00bb][vc_row_inner row_type=\u00bbrow\u00bb type=\u00bbfull_width\u00bb text_align=\u00bbcenter\u00bb css_animation=\u00bb\u00bb side_padding=\u00bb5&#8243;][vc_column_inner offset=\u00bbvc_col-lg-offset-1 vc_col-lg-5 vc_col-md-offset-0 vc_col-md-10&#8243;][vc_column_text]<\/p>\n<h1 style=\"color: #fff; text-align: left;\">NUESTRA EMPRESA<\/h1>\n<h3 style=\"color: #fff; padding-bottom: 20px; text-align: left;\">NUESTRA EXPERIENCIA<\/h3>\n<p style=\"color: #fff; text-align: left;\">Fundada en 1972, en Premana (Lecco), un pueblo de la Alta Valsassina, donde ya en el pasado la extracci\u00f3n y la elaboraci\u00f3n del hierro hizo surgir una intensa actividad de producci\u00f3n de art\u00edculos de corte que hoy en d\u00eda son famosos en todo el mundo. La empresa representa una realidad que sigue siendo artesanal y que est\u00e1 asumiendo un papel cada vez m\u00e1s importante en el mercado de los art\u00edculos manuales profesionales para la poda y la jardiner\u00eda. La gama FALKET incluye: tijeras de dos manos, cortasedos, tijeras, tijeras de una mano profesionales con asas de aluminio, de doble corte, profesionales para la vi\u00f1a, recolectoras y de jard\u00edn, serruchos y cuchillos para injerto. Todos los productos se utilizan para muchas funciones: poda profesional, corte de arbustos, clareo de bosques y senderos, peque\u00f1os trabajos de bricolaje o, simplemente, el mantenimiento del jard\u00edn dom\u00e9stico.<br \/>\nSea cual sea el empleo que se haga de ellos, los productos FALKET garantizan un corte poderoso, perfecto y preciso, sin aplastar m\u00ednimamente las ramas, adem\u00e1s de una notable ligereza, una calidad cada vez m\u00e1s solicitada y apreciada por los usuarios, la robustez necesaria para los cortes de mayores dimensiones y, por \u00faltimo, duraci\u00f3n en el tiempo. Las piezas de repuesto de cualquier producto est\u00e1n siempre a su disposici\u00f3n para que pueda cambiarlas de forma r\u00e1pida y sencilla y restablecer las prestaciones originarias. FALKET garantiza de forma permanente todos sus productos en caso de defectos de fabricaci\u00f3n si el uso es conforme al previsto para el producto.<\/p>\n<p>[\/vc_column_text][\/vc_column_inner][vc_column_inner offset=\u00bbvc_col-lg-6 vc_col-md-12&#8243;][vc_empty_space height=\u00bb60px\u00bb el_class=\u00bbempty-space-video-azienda\u00bb]<div class=\"qode_video_box disabled_hover_overlay\">\n\t<a itemprop=\"image\" class=\"qode_video_image\" href=\"https:\/\/youtu.be\/3Yk6O0V2IW0\" data-rel=\"prettyPhoto\">\n\t\t\t\t\t<img decoding=\"async\" width=\"126\" height=\"126\" src=\"https:\/\/falket.com\/wp-content\/uploads\/2020\/11\/play_circle_red.png\" class=\"attachment-full size-full\" alt=\"\" srcset=\"https:\/\/falket.com\/wp-content\/uploads\/2020\/11\/play_circle_red.png 126w, https:\/\/falket.com\/wp-content\/uploads\/2020\/11\/play_circle_red-100x100.png 100w\" sizes=\"(max-width: 126px) 100vw, 126px\" \/>\t\t\t<span class=\"qode_video_box_button_holder\">\n\t\t\t\t<span class=\"qode_video_box_button\">\n\t\t\t\t\t<span class=\"qode_video_box_button_arrow\">\n\t\t\t\t\t<\/span>\n\t\t\t\t<\/span>\n\t\t\t<\/span>\n\t\t\t<\/a>\n<\/div>[vc_empty_space height=\u00bb12px\u00bb][vc_column_text css=\u00bb\u00bb]<\/p>\n<p style=\"font-size: 12px; letter-spacing: 4px; color: #fff; text-align: center; font-weight: 600;\">Reproduce el video<\/p>\n<p style=\"color: #fff; text-align: center;\">DESCUBRE NUESTRA PRODUCCI\u00d3N ARTESANAL[\/vc_column_text][\/vc_column_inner][\/vc_row_inner][vc_empty_space height=\u00bb300px\u00bb][vc_row_inner row_type=\u00bbrow\u00bb type=\u00bbfull_width\u00bb text_align=\u00bbleft\u00bb css_animation=\u00bb\u00bb el_class=\u00bbbg-azienda-02&#8243;][vc_column_inner width=\u00bb1\/2&#8243; offset=\u00bbvc_col-lg-6 vc_col-md-5&#8243; css=\u00bb.vc_custom_1556880745472{margin-top: -150px !important;}\u00bb][vc_single_image image=\u00bb6484&#8243; img_size=\u00bb946 x 946&#8243; qode_css_animation=\u00bb\u00bb][vc_empty_space height=\u00bb250px\u00bb][\/vc_column_inner][vc_column_inner width=\u00bb1\/2&#8243; offset=\u00bbvc_col-lg-5 vc_col-md-6&#8243;][vc_empty_space height=\u00bb15px\u00bb][vc_column_text]<\/p>\n<h1 style=\"color: #fff;\">INVESTIGACI\u00d3N E INNOVACI\u00d3N<\/h1>\n<h3 style=\"color: #fff; padding-bottom: 20px;\">UNA HISTORIA CON M\u00c1S DE CUARENTA A\u00d1OS<\/h3>\n<p style=\"color: #fff;\">En el interior de la f\u00e1brica se produce una gama completa de equipos manuales profesionales para la poda y la jardiner\u00eda que se distingue por la marca FALKET\u00ae, que, con el pasar del tiempo, se ha convertido en sin\u00f3nimo de grandes prestaciones, funcionalidad y fiabilidad. La b\u00fasqueda continua de materiales nuevos y con una calidad cada vez m\u00e1s fiable, la totalidad del proceso productivo, de la proyecci\u00f3n a la confecci\u00f3n, que se realiza en el interior de la empresa, los rigurosos y numerosos controles que se efect\u00faan respetando las severas normas internas, las modernos e innovadores m\u00e9todos de producci\u00f3n y el notable kow how tecnol\u00f3gico y del personal, unidos a la experiencia artesanal adquirida a lo largo de los a\u00f1os, aseguran en todo momento la elevada calidad de los productos.<br \/>\nPara ampliar y consolidar la propia oferta de productos, FALKET\u00ae presta mucha atenci\u00f3n a las exigencias del mercado y de sus clientes; por ese motivo se esfuerza continuamente para encontrar soluciones nuevas e innovadoras.<\/p>\n<p>[\/vc_column_text][\/vc_column_inner][\/vc_row_inner][\/vc_column][\/vc_row][vc_row css_animation=\u00bb\u00bb row_type=\u00bbrow\u00bb use_row_as_full_screen_section=\u00bbno\u00bb type=\u00bbfull_width\u00bb angled_section=\u00bbno\u00bb text_align=\u00bbleft\u00bb background_image_as_pattern=\u00bbwithout_pattern\u00bb css=\u00bb.vc_custom_1555684879864{background-color: #26201e !important;}\u00bb z_index=\u00bb\u00bb][vc_column offset=\u00bbvc_hidden-lg\u00bb][vc_single_image image=\u00bb7154&#8243; img_size=\u00bb1920 x 1055&#8243; alignment=\u00bbcenter\u00bb qode_css_animation=\u00bb\u00bb][vc_row_inner row_type=\u00bbrow\u00bb type=\u00bbfull_width\u00bb text_align=\u00bbleft\u00bb css_animation=\u00bb\u00bb side_padding=\u00bb5&#8243;][vc_column_inner css=\u00bb.vc_custom_1555684932300{margin-top: -80px !important;}\u00bb][vc_column_text]<\/p>\n<h1 style=\"color: #fff; text-align: left;\">NUESTRA EMPRESA<\/h1>\n<h3 style=\"color: #fff; padding-bottom: 20px; text-align: left;\">NUESTRA EXPERIENCIA<\/h3>\n<p style=\"color: #fff; text-align: left;\">Fundada en 1972, en Premana (Lecco), un pueblo de la Alta Valsassina, donde ya en el pasado la extracci\u00f3n y la elaboraci\u00f3n del hierro hizo surgir una intensa actividad de producci\u00f3n de art\u00edculos de corte que hoy en d\u00eda son famosos en todo el mundo. La empresa representa una realidad que sigue siendo artesanal y que est\u00e1 asumiendo un papel cada vez m\u00e1s importante en el mercado de los art\u00edculos manuales profesionales para la poda y la jardiner\u00eda. La gama FALKET incluye: tijeras de dos manos, cortasedos, tijeras, tijeras de una mano profesionales con asas de aluminio, de doble corte, profesionales para la vi\u00f1a, recolectoras y de jard\u00edn, serruchos y cuchillos para injerto. Todos los productos se utilizan para muchas funciones: poda profesional, corte de arbustos, clareo de bosques y senderos, peque\u00f1os trabajos de bricolaje o, simplemente, el mantenimiento del jard\u00edn dom\u00e9stico.<br \/>\nSea cual sea el empleo que se haga de ellos, los productos FALKET garantizan un corte poderoso, perfecto y preciso, sin aplastar m\u00ednimamente las ramas, adem\u00e1s de una notable ligereza, una calidad cada vez m\u00e1s solicitada y apreciada por los usuarios, la robustez necesaria para los cortes de mayores dimensiones y, por \u00faltimo, duraci\u00f3n en el tiempo.<br \/>\nLas piezas de repuesto de cualquier producto est\u00e1n siempre a su disposici\u00f3n para que pueda cambiarlas de forma r\u00e1pida y sencilla y restablecer las prestaciones originarias. FALKET garantiza de forma permanente todos sus productos en caso de defectos de fabricaci\u00f3n si el uso es conforme al previsto para el producto.<\/p>\n<p>[\/vc_column_text][\/vc_column_inner][\/vc_row_inner][vc_row_inner row_type=\u00bbrow\u00bb type=\u00bbfull_width\u00bb text_align=\u00bbcenter\u00bb css_animation=\u00bb\u00bb side_padding=\u00bb5&#8243;][vc_column_inner][vc_empty_space height=\u00bb50px\u00bb]<div class=\"qode_video_box disabled_hover_overlay\">\n\t<a itemprop=\"image\" class=\"qode_video_image\" href=\"https:\/\/youtu.be\/3Yk6O0V2IW0\" data-rel=\"prettyPhoto\">\n\t\t\t\t\t<img decoding=\"async\" width=\"126\" height=\"126\" src=\"https:\/\/falket.com\/wp-content\/uploads\/2020\/11\/play_circle_red.png\" class=\"attachment-full size-full\" alt=\"\" srcset=\"https:\/\/falket.com\/wp-content\/uploads\/2020\/11\/play_circle_red.png 126w, https:\/\/falket.com\/wp-content\/uploads\/2020\/11\/play_circle_red-100x100.png 100w\" sizes=\"(max-width: 126px) 100vw, 126px\" \/>\t\t\t<span class=\"qode_video_box_button_holder\">\n\t\t\t\t<span class=\"qode_video_box_button\">\n\t\t\t\t\t<span class=\"qode_video_box_button_arrow\">\n\t\t\t\t\t<\/span>\n\t\t\t\t<\/span>\n\t\t\t<\/span>\n\t\t\t<\/a>\n<\/div>[vc_empty_space height=\u00bb12px\u00bb][vc_column_text]<\/p>\n<p style=\"font-size: 12px; letter-spacing: 4px; color: #fff; text-align: center; font-weight: 600;\">play video<\/p>\n<p style=\"color: #fff; text-align: center;\">D\u00c9COUVREZ NOTRE<br \/>\nPRODUCTION ARTISANALE<\/p>\n<p>[\/vc_column_text][\/vc_column_inner][\/vc_row_inner][vc_empty_space height=\u00bb60px\u00bb][vc_row_inner row_type=\u00bbrow\u00bb type=\u00bbfull_width\u00bb text_align=\u00bbleft\u00bb css_animation=\u00bb\u00bb side_padding=\u00bb5&#8243;][vc_column_inner css=\u00bb.vc_custom_1555685057784{margin-bottom: -100px !important;}\u00bb][vc_column_text]<\/p>\n<h1 style=\"color: #fff;\">INVESTIGACI\u00d3N E INNOVACI\u00d3N<\/h1>\n<h3 style=\"color: #fff; padding-bottom: 20px;\">UNA HISTORIA CON M\u00c1S DE CUARENTA A\u00d1OS<\/h3>\n<p style=\"color: #fff;\">En el interior de la f\u00e1brica se produce una gama completa de equipos manuales profesionales para la poda y la jardiner\u00eda que se distingue por la marca FALKET\u00ae, que, con el pasar del tiempo, se ha convertido en sin\u00f3nimo de grandes prestaciones, funcionalidad y fiabilidad. La b\u00fasqueda continua de materiales nuevos y con una calidad cada vez m\u00e1s fiable, la totalidad del proceso productivo, de la proyecci\u00f3n a la confecci\u00f3n, que se realiza en el interior de la empresa, los rigurosos y numerosos controles que se efect\u00faan respetando las severas normas internas, las modernos e innovadores m\u00e9todos de producci\u00f3n y el notable kow how tecnol\u00f3gico y del personal, unidos a la experiencia artesanal adquirida a lo largo de los a\u00f1os, aseguran en todo momento la elevada calidad de los productos.<br \/>\nPara ampliar y consolidar la propia oferta de productos, FALKET\u00ae presta mucha atenci\u00f3n a las exigencias del mercado y de sus clientes; por ese motivo se esfuerza continuamente para encontrar soluciones nuevas e innovadoras.<\/p>\n<p>[\/vc_column_text][\/vc_column_inner][\/vc_row_inner][vc_single_image image=\u00bb7153&#8243; img_size=\u00bb1920 x 910&#8243; alignment=\u00bbcenter\u00bb qode_css_animation=\u00bb\u00bb][vc_row_inner row_type=\u00bbrow\u00bb type=\u00bbfull_width\u00bb text_align=\u00bbleft\u00bb css_animation=\u00bb\u00bb][vc_column_inner offset=\u00bbvc_hidden-lg vc_hidden-md vc_hidden-sm\u00bb][vc_empty_space height=\u00bb160px\u00bb][\/vc_column_inner][\/vc_row_inner][\/vc_column][\/vc_row][vc_row css_animation=\u00bb\u00bb row_type=\u00bbrow\u00bb use_row_as_full_screen_section=\u00bbno\u00bb type=\u00bbfull_width\u00bb angled_section=\u00bbno\u00bb text_align=\u00bbleft\u00bb background_image_as_pattern=\u00bbwithout_pattern\u00bb css=\u00bb.vc_custom_1555685502445{background-color: #ffffff !important;}\u00bb z_index=\u00bb\u00bb][vc_column width=\u00bb5\/6&#8243; offset=\u00bbvc_col-lg-offset-2 vc_col-lg-8 vc_col-md-offset-1 vc_col-md-10 vc_col-sm-offset-1 vc_col-xs-12&#8243; css=\u00bb.vc_custom_1555686477936{margin-top: -160px !important;padding-right: 0px !important;padding-left: 0px !important;background-color: #0095c9 !important;}\u00bb][vc_empty_space height=\u00bb30px\u00bb][vc_single_image image=\u00bb6485&#8243; img_size=\u00bb201 x 171&#8243; alignment=\u00bbcenter\u00bb qode_css_animation=\u00bb\u00bb][vc_empty_space height=\u00bb30px\u00bb][vc_row_inner row_type=\u00bbrow\u00bb type=\u00bbfull_width\u00bb text_align=\u00bbcenter\u00bb css_animation=\u00bb\u00bb side_padding=\u00bb5&#8243;][vc_column_inner css=\u00bb.vc_custom_1555686903536{padding-right: 30px !important;padding-left: 30px !important;}\u00bb][vc_column_text css=\u00bb\u00bb]<\/p>\n<h1 style=\"color: #fff;\">CALIDAD POR TRADICI\u00d3N<\/h1>\n<h3 style=\"color: #fff; padding-bottom: 20px;\">Marca Colectiva de Calidad Premana<\/h3>\n<p style=\"color: #fff;\">La empresa FALKET est\u00e1 afiliada a la marca colectiva de calidad PREMANA, que otorga la C\u00e1mara de Comercio de Lecco, entidad gestora de la misma y a quien corresponde la tarea de evaluar las solicitudes de licencia de uso y atribuir la marca a las empresas productoras de art\u00edculos de corte, de acuerdo con los requisitos t\u00e9cnico-productivos establecidos por el reglamento de uso de la marca. Para que el producto pueda ostentar la marca PREMANA es necesario garantizar el respeto del proceso productivo que se regula en las normas de producci\u00f3n. La funci\u00f3n de la marca colectiva PREMANA consiste en garantizar el origen, la calidad y la naturaleza de un producto o servicio.<\/p>\n<p>[\/vc_column_text][\/vc_column_inner][\/vc_row_inner][vc_separator type=\u00bbsmall\u00bb position=\u00bbcenter\u00bb width_in_percentages=\u00bbyes\u00bb color=\u00bb#ffffff\u00bb transparency=\u00bb0.2&#8243; thickness=\u00bb1&#8243; up=\u00bb60&#8243; down=\u00bb60&#8243; width=\u00bb80&#8243;][vc_row_inner row_type=\u00bbrow\u00bb type=\u00bbfull_width\u00bb text_align=\u00bbcenter\u00bb css_animation=\u00bb\u00bb side_padding=\u00bb5&#8243;][vc_column_inner css=\u00bb.vc_custom_1555686897955{padding-right: 30px !important;padding-left: 30px !important;}\u00bb][vc_column_text css=\u00bb\u00bb]<\/p>\n<h1 style=\"color: #fff;\">CULTURA MEDIOAMBIENTAL<\/h1>\n<h3 style=\"color: #fff; padding-bottom: 20px;\">el respeto por la naturaleza es patrimonio del territorio<\/h3>\n<p style=\"color: #fff;\">Confirmando su tendencia ecol\u00f3gica, FALKET ha instalado en el revestimiento de su sede un equipo fotovolt\u00e1ico, totalmente integrado y de 16.65KWP, para producir energ\u00eda el\u00e9ctrica. El equipo, capaz de producir unos 18000 Kwh anuales, permite a la empresa reducir las emisiones anuales de CO2 en unos 20.000 kg y un ahorro de petr\u00f3leo de unos 7.000 kg. De esta forma, los productos FALKET se fabrican respetando plenamente el medio ambiente en que vivimos y trabajamos y contribuyen de esta forma a tutelar los recursos medioambientales.<\/p>\n<p>[\/vc_column_text][\/vc_column_inner][\/vc_row_inner][vc_single_image image=\u00bb6486&#8243; img_size=\u00bb1500 x 1000&#8243; alignment=\u00bbcenter\u00bb qode_css_animation=\u00bb\u00bb][\/vc_column][\/vc_row][vc_row css_animation=\u00bb\u00bb row_type=\u00bbrow\u00bb use_row_as_full_screen_section=\u00bbno\u00bb type=\u00bbfull_width\u00bb angled_section=\u00bbno\u00bb text_align=\u00bbleft\u00bb background_image_as_pattern=\u00bbwithout_pattern\u00bb][vc_column offset=\u00bbvc_hidden-xs\u00bb][vc_empty_space height=\u00bb40px\u00bb][vc_gallery type=\u00bbimage_grid\u00bb images=\u00bb6480,6483,6482,6481&#8243; img_size=\u00bb1200 x 750&#8243; column_number=\u00bb4&#8243; grayscale=\u00bbno\u00bb images_space=\u00bbgallery_without_space\u00bb][\/vc_column][\/vc_row]<\/p>\n<\/div>","protected":false},"excerpt":{"rendered":"<p>[vc_row css_animation=\u00bb\u00bb row_type=\u00bbrow\u00bb use_row_as_full_screen_section=\u00bbno\u00bb type=\u00bbfull_width\u00bb angled_section=\u00bbno\u00bb text_align=\u00bbleft\u00bb background_image_as_pattern=\u00bbwithout_pattern\u00bb css=\u00bb.vc_custom_1555684658428{background-color: #26201e !important;}\u00bb z_index=\u00bb\u00bb el_class=\u00bbbg-azienda-01&#8243;][vc_column offset=\u00bbvc_hidden-md vc_hidden-sm vc_hidden-xs\u00bb][vc_empty_space height=\u00bb300px\u00bb][vc_row_inner row_type=\u00bbrow\u00bb type=\u00bbfull_width\u00bb text_align=\u00bbcenter\u00bb css_animation=\u00bb\u00bb side_padding=\u00bb5&#8243;][vc_column_inner offset=\u00bbvc_col-lg-offset-1 vc_col-lg-5 vc_col-md-offset-0 vc_col-md-10&#8243;][vc_column_text] NUESTRA EMPRESA NUESTRA EXPERIENCIA Fundada en 1972, en Premana (Lecco), un pueblo de la Alta Valsassina, donde ya en&#8230;<\/p>\n","protected":false},"author":1,"featured_media":0,"parent":0,"menu_order":0,"comment_status":"closed","ping_status":"closed","template":"full_width.php","meta":{"footnotes":""},"class_list":["post-6465","page","type-page","status-publish","hentry"],"yoast_head":"<!-- This site is optimized with the Yoast SEO plugin v25.8 - https:\/\/yoast.com\/wordpress\/plugins\/seo\/ -->\n<title>Equipos de poda y jardiner\u00eda Falket<\/title>\n<meta name=\"description\" content=\"Los productos son ideales para poda profesional, corte de arbustos, raleo de bosques y senderos, mantenimiento de jardines y aficionados.\" \/>\n<meta name=\"robots\" content=\"index, follow, max-snippet:-1, max-image-preview:large, max-video-preview:-1\" \/>\n<link rel=\"canonical\" href=\"https:\/\/falket.com\/es\/empresa\/\" \/>\n<meta property=\"og:locale\" content=\"es_ES\" \/>\n<meta property=\"og:type\" content=\"article\" \/>\n<meta property=\"og:title\" content=\"Equipos de poda y jardiner\u00eda Falket\" \/>\n<meta property=\"og:description\" content=\"Los productos son ideales para poda profesional, corte de arbustos, raleo de bosques y senderos, mantenimiento de jardines y aficionados.\" \/>\n<meta property=\"og:url\" content=\"https:\/\/falket.com\/es\/empresa\/\" \/>\n<meta property=\"og:site_name\" content=\"Falket\" \/>\n<meta property=\"article:publisher\" content=\"https:\/\/www.facebook.com\/Falket-197602493678529\/\" \/>\n<meta property=\"article:modified_time\" content=\"2025-01-23T14:14:38+00:00\" \/>\n<meta name=\"twitter:card\" content=\"summary_large_image\" \/>\n<meta name=\"twitter:label1\" content=\"Tiempo de lectura\" \/>\n\t<meta name=\"twitter:data1\" content=\"7 minutos\" \/>\n<script type=\"application\/ld+json\" class=\"yoast-schema-graph\">{\"@context\":\"https:\/\/schema.org\",\"@graph\":[{\"@type\":\"WebPage\",\"@id\":\"https:\/\/falket.com\/es\/empresa\/\",\"url\":\"https:\/\/falket.com\/es\/empresa\/\",\"name\":\"Equipos de poda y jardiner\u00eda Falket\",\"isPartOf\":{\"@id\":\"https:\/\/falket.com\/es\/#website\"},\"datePublished\":\"2021-07-21T12:27:30+00:00\",\"dateModified\":\"2025-01-23T14:14:38+00:00\",\"description\":\"Los productos son ideales para poda profesional, corte de arbustos, raleo de bosques y senderos, mantenimiento de jardines y aficionados.\",\"inLanguage\":\"es\",\"potentialAction\":[{\"@type\":\"ReadAction\",\"target\":[\"https:\/\/falket.com\/es\/empresa\/\"]}]},{\"@type\":\"WebSite\",\"@id\":\"https:\/\/falket.com\/es\/#website\",\"url\":\"https:\/\/falket.com\/es\/\",\"name\":\"Falket\",\"description\":\"Attrezzature per la potatura e il giardinaggio\",\"publisher\":{\"@id\":\"https:\/\/falket.com\/es\/#organization\"},\"potentialAction\":[{\"@type\":\"SearchAction\",\"target\":{\"@type\":\"EntryPoint\",\"urlTemplate\":\"https:\/\/falket.com\/es\/?s={search_term_string}\"},\"query-input\":{\"@type\":\"PropertyValueSpecification\",\"valueRequired\":true,\"valueName\":\"search_term_string\"}}],\"inLanguage\":\"es\"},{\"@type\":\"Organization\",\"@id\":\"https:\/\/falket.com\/es\/#organization\",\"name\":\"Falket\",\"url\":\"https:\/\/falket.com\/es\/\",\"logo\":{\"@type\":\"ImageObject\",\"inLanguage\":\"es\",\"@id\":\"https:\/\/falket.com\/es\/#\/schema\/logo\/image\/\",\"url\":\"https:\/\/falket.com\/wp-content\/uploads\/2021\/07\/falket-logo-invoice.png\",\"contentUrl\":\"https:\/\/falket.com\/wp-content\/uploads\/2021\/07\/falket-logo-invoice.png\",\"width\":300,\"height\":80,\"caption\":\"Falket\"},\"image\":{\"@id\":\"https:\/\/falket.com\/es\/#\/schema\/logo\/image\/\"},\"sameAs\":[\"https:\/\/www.facebook.com\/Falket-197602493678529\/\",\"https:\/\/www.instagram.com\/falket_professional\/\",\"https:\/\/www.linkedin.com\/company\/falket\/about\/\"]}]}<\/script>\n<!-- \/ Yoast SEO plugin. -->","yoast_head_json":{"title":"Equipos de poda y jardiner\u00eda Falket","description":"Los productos son ideales para poda profesional, corte de arbustos, raleo de bosques y senderos, mantenimiento de jardines y aficionados.","robots":{"index":"index","follow":"follow","max-snippet":"max-snippet:-1","max-image-preview":"max-image-preview:large","max-video-preview":"max-video-preview:-1"},"canonical":"https:\/\/falket.com\/es\/empresa\/","og_locale":"es_ES","og_type":"article","og_title":"Equipos de poda y jardiner\u00eda Falket","og_description":"Los productos son ideales para poda profesional, corte de arbustos, raleo de bosques y senderos, mantenimiento de jardines y aficionados.","og_url":"https:\/\/falket.com\/es\/empresa\/","og_site_name":"Falket","article_publisher":"https:\/\/www.facebook.com\/Falket-197602493678529\/","article_modified_time":"2025-01-23T14:14:38+00:00","twitter_card":"summary_large_image","twitter_misc":{"Tiempo de lectura":"7 minutos"},"schema":{"@context":"https:\/\/schema.org","@graph":[{"@type":"WebPage","@id":"https:\/\/falket.com\/es\/empresa\/","url":"https:\/\/falket.com\/es\/empresa\/","name":"Equipos de poda y jardiner\u00eda Falket","isPartOf":{"@id":"https:\/\/falket.com\/es\/#website"},"datePublished":"2021-07-21T12:27:30+00:00","dateModified":"2025-01-23T14:14:38+00:00","description":"Los productos son ideales para poda profesional, corte de arbustos, raleo de bosques y senderos, mantenimiento de jardines y aficionados.","inLanguage":"es","potentialAction":[{"@type":"ReadAction","target":["https:\/\/falket.com\/es\/empresa\/"]}]},{"@type":"WebSite","@id":"https:\/\/falket.com\/es\/#website","url":"https:\/\/falket.com\/es\/","name":"Falket","description":"Attrezzature per la potatura e il giardinaggio","publisher":{"@id":"https:\/\/falket.com\/es\/#organization"},"potentialAction":[{"@type":"SearchAction","target":{"@type":"EntryPoint","urlTemplate":"https:\/\/falket.com\/es\/?s={search_term_string}"},"query-input":{"@type":"PropertyValueSpecification","valueRequired":true,"valueName":"search_term_string"}}],"inLanguage":"es"},{"@type":"Organization","@id":"https:\/\/falket.com\/es\/#organization","name":"Falket","url":"https:\/\/falket.com\/es\/","logo":{"@type":"ImageObject","inLanguage":"es","@id":"https:\/\/falket.com\/es\/#\/schema\/logo\/image\/","url":"https:\/\/falket.com\/wp-content\/uploads\/2021\/07\/falket-logo-invoice.png","contentUrl":"https:\/\/falket.com\/wp-content\/uploads\/2021\/07\/falket-logo-invoice.png","width":300,"height":80,"caption":"Falket"},"image":{"@id":"https:\/\/falket.com\/es\/#\/schema\/logo\/image\/"},"sameAs":["https:\/\/www.facebook.com\/Falket-197602493678529\/","https:\/\/www.instagram.com\/falket_professional\/","https:\/\/www.linkedin.com\/company\/falket\/about\/"]}]}},"_links":{"self":[{"href":"https:\/\/falket.com\/es\/wp-json\/wp\/v2\/pages\/6465","targetHints":{"allow":["GET"]}}],"collection":[{"href":"https:\/\/falket.com\/es\/wp-json\/wp\/v2\/pages"}],"about":[{"href":"https:\/\/falket.com\/es\/wp-json\/wp\/v2\/types\/page"}],"author":[{"embeddable":true,"href":"https:\/\/falket.com\/es\/wp-json\/wp\/v2\/users\/1"}],"replies":[{"embeddable":true,"href":"https:\/\/falket.com\/es\/wp-json\/wp\/v2\/comments?post=6465"}],"version-history":[{"count":6,"href":"https:\/\/falket.com\/es\/wp-json\/wp\/v2\/pages\/6465\/revisions"}],"predecessor-version":[{"id":12476,"href":"https:\/\/falket.com\/es\/wp-json\/wp\/v2\/pages\/6465\/revisions\/12476"}],"wp:attachment":[{"href":"https:\/\/falket.com\/es\/wp-json\/wp\/v2\/media?parent=6465"}],"curies":[{"name":"wp","href":"https:\/\/api.w.org\/{rel}","templated":true}]}}